{"id":20,"date":"2021-08-24T12:08:04","date_gmt":"2021-08-24T12:08:04","guid":{"rendered":"http:\/\/www.juntaislamica.org\/?page_id=20"},"modified":"2022-03-01T07:58:04","modified_gmt":"2022-03-01T07:58:04","slug":"publicaciones","status":"publish","type":"page","link":"https:\/\/www.juntaislamica.org\/?page_id=20","title":{"rendered":"Publicaciones"},"content":{"rendered":"<p>[vc_row][vc_column][vc_row_inner][vc_column_inner][vc_column_text]<\/p>\n<h3>Tras 30 a\u00f1os de trabajo hemos publicado m\u00e1s de 25 publicaciones, en papel y en digital, a trav\u00e9s del Centro de Documentaci\u00f3n y Publicaciones Isl\u00e1micas (CDPI)<\/h3>\n<p>[\/vc_column_text][vc_column_text]<em>Verdeislam, El mensaje del Cor\u00e1n\u00a0<\/em>de Muhammad Assad, la <em>Muwatta<\/em> de Imam Malik, <em>Introducci\u00f3n al Islam<\/em> de Hashim Cabrera o\u00a0<em>Islam y Derechos Humanos <\/em>de Yaratullah Monturiol\u00a0son algunos de los t\u00edtulos se\u00f1eros que hemos editado en estos 30 a\u00f1os. Publicaciones que fueron como un o\u00e1sis en el desierto durante los primeros a\u00f1os del retorno del islam a Espa\u00f1a.[\/vc_column_text][vc_empty_space][\/vc_column_inner][\/vc_row_inner][vc_text_separator title=&#8221;TEXTOS FUNDACIONALES&#8221; color=&#8221;custom&#8221; border_width=&#8221;3&#8243; el_width=&#8221;80&#8243; accent_color=&#8221;#028926&#8243;][vc_column_text]<\/p>\n<p style=\"text-align: center;\">Textos fundamentales del islam que fueron editados y traducidos por Junta Isl\u00e1mica a trav\u00e9s del CDPI<\/p>\n<p>[\/vc_column_text][vc_row_inner][vc_column_inner width=&#8221;1\/3&#8243;][vc_single_image image=&#8221;301&#8243; img_size=&#8221;337 x 400&#8243; alignment=&#8221;center&#8221;][vc_column_text]Tapa dura con sobrecubiertas. 1999. ISBN 978-84-605-8379-5 (Agotado).<\/p>\n<p>Edici\u00f3n digital (PDF): <a href=\"https:\/\/www.verislam.com\/al-muwatta-del-imam-malik\/\" target=\"_blank\" rel=\"noopener\">Disponible<\/a>[\/vc_column_text][vc_column_text]<em>Al Muwatta <\/em>(El camino f\u00e1cil)\u00a0es la compilaci\u00f3n m\u00e1s antigua de hadices en la historia del Islam. Contiene las referencias imprescindibles de la primera comunidad de Medina. Obra de consulta imprescindible para la cimentaci\u00f3n de una comunidad isl\u00e1mica.\u00a0Publicado en 1999 por Junta Isl\u00e1mica\u00a0con traducci\u00f3n de Abdurassak P\u00e9rez e Iman Puch y edici\u00f3n de Sabora Uribe, supuso una de las primeras traducciones de compilaciones de hadices en lengua castellana.[\/vc_column_text][\/vc_column_inner][vc_column_inner width=&#8221;1\/3&#8243;][vc_single_image image=&#8221;302&#8243; img_size=&#8221;337 x 400&#8243; alignment=&#8221;center&#8221;][vc_column_text]Tapa dura con sobrecubiertas. 1999. ISBN 978-84-604-8370-3\u00a0(Agotado).<\/p>\n<p>Edici\u00f3n digital (PDF): <a href=\"https:\/\/www.verislam.com\/al-muwatta-del-imam-malik\/\" target=\"_blank\" rel=\"noopener\">Disponible<\/a>[\/vc_column_text][vc_column_text]<em>Riyad as Salihin<\/em> (Los jardines de los justos) de Imam An-Nawawi es una reconocida selecci\u00f3n de dichos del Profeta Muhammad \u2013la Paz y Bendiciones sean sobre \u00e9l\u2013 sobre la modelaci\u00f3n del car\u00e1cter y comportamiento del musulm\u00e1n. Este libro abre un fascinante camino a la espiritualidad. La traducci\u00f3n completa del texto original es directamente del \u00e1rabe al espa\u00f1ol.\u00a0Publicado originalmente por Junta isl\u00e1mica en 1999, la traducci\u00f3n y edici\u00f3n es de Zakariya Maza.[\/vc_column_text][\/vc_column_inner][vc_column_inner width=&#8221;1\/3&#8243;][vc_single_image image=&#8221;299&#8243; img_size=&#8221;337 x 400&#8243; alignment=&#8221;center&#8221;][vc_column_text]Tapa dura con sobrecubiertas. 2001 ISBN 978-8460735236\u00a0(Agotado).<\/p>\n<p>Edici\u00f3n digital (PDF): <a href=\"https:\/\/www.verislam.com\/el-coran-de-muhammad-assad\/\" target=\"_blank\" rel=\"noopener\">Disponible<\/a>[\/vc_column_text][vc_column_text]Uno de los hitos del CDPI de Junta Isl\u00e1mica, la traducci\u00f3n del\u00a0<em>Mensaje del Cor\u00e1n<\/em> de Muhammad Assad. Publicado en el a\u00f1o 2001, el comentario cor\u00e1nico realizado por Muhammad Asad, converso europeo al Islam, marca un ceit en la difusi\u00f3n del Islam fuera de sus fronteras tradicionales. Esta traducci\u00f3n, que contiene m\u00e1s de 3000 notas, constituye un corpus de ex\u00e9gesis del Cor\u00e1n en nuestra propia lengua, indispensable para el acercamiento al texto sagrado.[\/vc_column_text][\/vc_column_inner][\/vc_row_inner][vc_empty_space][vc_text_separator title=&#8221;VERDEISLAM&#8221; color=&#8221;custom&#8221; border_width=&#8221;3&#8243; el_width=&#8221;80&#8243; accent_color=&#8221;#028926&#8243;][vc_single_image image=&#8221;91&#8243; img_size=&#8221;293&#215;400&#8243; alignment=&#8221;center&#8221;][vc_column_text]<\/p>\n<p style=\"text-align: center;\">N\u00ba 0 (1996) &#8211; n\u00ba 20 (2003) [Colecci\u00f3n Completa]<\/p>\n<p style=\"text-align: center;\">Edici\u00f3n digital (PDF): <a href=\"https:\/\/www.verislam.com\/verdeislam\/\">Disponible<\/a><\/p>\n<p>[\/vc_column_text][vc_column_text]VerdeIslam es la referencia m\u00e1s visible y poderosa del <strong>pensamiento neoandalus\u00ed<\/strong> del pasado siglo y comienzos del actual.\u00a0Desde 1996 hasta 2003, durante veinte n\u00fameros,\u00a0Junta Isl\u00e1mica public\u00f3 una revista clave para la construcci\u00f3n de la comunidad musulmana en castellano. Autores ya cl\u00e1sicos como Sabora Uribe, Hashim Cabrera, Abdelmumin Aya y otros tantos disertaron sobre los problemas y desaf\u00edos de los musulmanes contempor\u00e1neos, especialmente, en Espa\u00f1a.<\/p>\n<p>VerdeIslam fue un aut\u00e9ntico <em>think-tank<\/em> de los musulmanes de habla hispana, elaborando doctrinas, repensando realidades y creando belleza. Un punto de encuentro, una manifestaci\u00f3n <em>underground <\/em>de gente que crey\u00f3 que pensar en clave isl\u00e1mica era m\u00e1s necesaria que nunca.\u00a0VerdeIslam son art\u00edculos que se han vuelto fundamentales en tiempos de la extinci\u00f3n del papel. Art\u00edculos para gente inquieta e idealista.[\/vc_column_text][vc_empty_space][vc_text_separator title=&#8221;Colecci\u00f3n C\u00c1LAMO &#8211; Pensamiento Isl\u00e1mico Contempor\u00e1neo&#8221; color=&#8221;custom&#8221; border_width=&#8221;3&#8243; el_width=&#8221;80&#8243; accent_color=&#8221;#028926&#8243;][vc_single_image image=&#8221;471&#8243; img_size=&#8221;250&#215;380&#8243; alignment=&#8221;center&#8221;][vc_column_text]<i>Khutbas de Dar al-Rum. Sermones para tiempos inciertos\u00a0<\/i>||\u00a0Antonio de Diego Gonz\u00e1lez<\/p>\n<p>Edici\u00f3n digital (PDF): <a href=\"https:\/\/archive.org\/details\/khutbas-de-dar-al-rum\">Disponible<\/a><br \/>\nEdici\u00f3n digital en Google Books: <a href=\"https:\/\/books.google.es\/books?id=pIlaEAAAQBAJ\">Disponible<\/a><\/p>\n<p>[\/vc_column_text][vc_column_text]<strong>Khutbas de Dar al-Rum. Sermones para tiempos inciertos<\/strong> de Antonio de Diego es un libro que sumerge al lector en la b\u00fasqueda espiritual contempor\u00e1nea del islam neo-andalus\u00ed. En \u00e9l se recogen un a\u00f1o de sermones del viernes (<em>juma\u2019a<\/em>) que su autor ha presentado ante la comunidad de Junta Isl\u00e1mica en la ciudad de C\u00f3rdoba y, de forma digital, en el portal VerIslam.com. Se incluyen, adem\u00e1s, los sermones especiales para las cuatro semanas\u00a0de Ramad\u00e1n, de Eid al-Fitr, la noche de \u2018Arafah, Eid al-Adha y Mawlid.<span class=\"Apple-converted-space\">\u00a0<\/span><\/p>\n<p>Las reflexiones y los pensamientos\u00a0\u00a0toman vida, en cada\u00a0\u00a0serm\u00f3n, para hacernos paladear y meditar sobre diferentes conceptos, personajes, situaciones o vivencias propias del viaje espiritual que transcurri\u00f3 desde Adam al profeta Muhammad y que prosigue hasta nuestros d\u00edas.<\/p>\n<p>Este libro es una invitaci\u00f3n al lector para reconocer\u00a0al islam como un<i>\u00a0din\u00a0pacificado<\/i>, lejos de dogmatismos, y una invitaci\u00f3n para volver a ser creyentes sinceros, bajo la Sunna del Profeta, en estos tiempos inciertos.[\/vc_column_text][vc_empty_space][vc_text_separator title=&#8221;TAFSIRA &#8211; Papeles de di\u00e1logo teol\u00f3gico&#8221; color=&#8221;custom&#8221; border_width=&#8221;3&#8243; el_width=&#8221;80&#8243; accent_color=&#8221;#028926&#8243;][vc_single_image image=&#8221;456&#8243; img_size=&#8221;250&#215;380&#8243; alignment=&#8221;center&#8221;][vc_column_text]<\/p>\n<p style=\"text-align: center;\">N\u00ba1 &#8211; <em>Humanismo Isl\u00e1mico \u00bfUna alternativa para pensar la teologi\u0301a isla\u0301mica hoy? <\/em>||\u00a0Antonio de Diego Gonz\u00e1lez<\/p>\n<p style=\"text-align: center;\">Edici\u00f3n digital en espa\u00f1ol (PDF): <a href=\"https:\/\/archive.org\/details\/tafsira-1-es\">Disponible<\/a><\/p>\n<p style=\"text-align: center;\">Edici\u00f3n digital en ingl\u00e9s (PDF): <a href=\"https:\/\/archive.org\/details\/tafsira-1-en\">Disponible<\/a><\/p>\n<p>[\/vc_column_text][vc_column_text]<strong><span class=\"has-inline-color\">Tafsira, papeles de di\u00e1logo teol\u00f3gico<\/span><\/strong> es una publicaci\u00f3n peri\u00f3dica del Foro de pensamiento isl\u00e1mico Ibn Masarra. Toma su nombre de las <a href=\"https:\/\/www.trotta.es\/libros\/tratado-tafsira-del-mancebo-de-arevalo\/9788481646092\/\" data-type=\"URL\" data-id=\"https:\/\/www.trotta.es\/libros\/tratado-tafsira-del-mancebo-de-arevalo\/9788481646092\/\">tafsiras moriscas<\/a>, libros de tratados sobre el din editados, en su mayor parte, en castellano aljamiado. As\u00ed, reivindicamos nuestra herencia del islam europeo y recuperamos los antiguos modelos de conocimiento de los musulmanes hispanos.<\/p>\n<p>Es esta una publicaci\u00f3n cuatrimestral, seriada y digital que propone trabajos de tipo\u00a0<em>Position Papers<\/em>, opiniones e investigaciones sobre un tema de actualidad teol\u00f3gica. Los trabajos son\u00a0publicados por nuestros miembros o por autores invitados por el Foro y son presentados tanto en ingl\u00e9s como en espa\u00f1ol. Este proyecto es una coedici\u00f3n entre el <a href=\"http:\/\/foroibnmasarra.juntaislamica.org\"><span class=\"has-inline-color\">Foro de Pensamiento Isl\u00e1mico Ibn Masarra<\/span><\/a>, <a href=\"http:\/\/www.juntaislamica.org\/\">Junta Isl\u00e1mica<\/a> y la <a href=\"http:\/\/www.fundacionlasfuentes.org\/\">Fundaci\u00f3n Las Fuentes<\/a> editado en la ciudad de C\u00f3rdoba. Nuestro objetivo es construir di\u00e1logo teol\u00f3gico sobre temas de actualidad.[\/vc_column_text][vc_empty_space][vc_text_separator title=&#8221;COLECCI\u00d3N SHAHADA&#8221; color=&#8221;custom&#8221; border_width=&#8221;3&#8243; el_width=&#8221;80&#8243; accent_color=&#8221;#028926&#8243;][vc_column_text]<\/p>\n<p style=\"text-align: center;\">Colecci\u00f3n de pensamiento isl\u00e1mico que reuni\u00f3 a las principales figuras e intelectuales isl\u00e1micos hispanohablantes.<\/p>\n<p>[\/vc_column_text][vc_row_inner][vc_column_inner width=&#8221;1\/3&#8243;][vc_single_image image=&#8221;349&#8243; img_size=&#8221;250&#215;380&#8243; alignment=&#8221;center&#8221;][vc_column_text]R\u00fastica. ISBN 9788493251369: <a href=\"correo@juntaislamica.org\">Disponible<\/a><\/p>\n<p>Edici\u00f3n digital (PDF): <a href=\"https:\/\/www.juntaislamica.org\/wp-content\/uploads\/2021\/09\/50558_iniciacion_al_islam_web.pdf\">Disponible<\/a>[\/vc_column_text][vc_column_text]El Islam no es una cultura ni una religi\u00f3n sino una forma de ser y de vivir. En el din del islam hay principios y formas, pero no dogmas ni misterios. No hay sacerdotes ni iglesia, no hay sacramentos ni liturgia. Hashim Cabrera, uno de los pensadores neo-andalus\u00edes m\u00e1s solidos y brillantes, elabora un lucid\u00edsimo ensayo que nos invita a reflexionar en profundidad.[\/vc_column_text][\/vc_column_inner][vc_column_inner width=&#8221;1\/3&#8243;][vc_single_image image=&#8221;312&#8243; img_size=&#8221;250&#215;380&#8243; alignment=&#8221;center&#8221;][vc_column_text]R\u00fastica. ISBN 978-84-935469-4-6: <a href=\"correo@juntaislamica.org\">Disponible<\/a><\/p>\n<p>Edici\u00f3n digital (PDF): <a href=\"https:\/\/www.verislam.com\/aisha-esposa-del-profeta\/\" target=\"_blank\" rel=\"noopener\">Disponible<\/a>[\/vc_column_text][vc_column_text]Texto valiente y bien documentado de la intelectual marroqu\u00ed Asma Lamrabet que aborda en profundidad el papel de la mujer musulmana en diversos \u00e1mbitos: intelectual, espiritual, social y pol\u00edtico.\u00a0La lectura de este volumen revela un descubrimiento ya que, frente a la imagen distorsionada de un islam patriarcal y mis\u00f3gino, aparece con nitidez la naturaleza igualitaria del islam de los primeros tiempos.[\/vc_column_text][\/vc_column_inner][vc_column_inner width=&#8221;1\/3&#8243;][vc_single_image image=&#8221;309&#8243; img_size=&#8221;250&#215;380&#8243; alignment=&#8221;center&#8221;][vc_column_text]R\u00fastica. ISBN 978-84-932513-4-5: <a href=\"correo@juntaislamica.org\">Disponible<\/a><\/p>\n<p>Edici\u00f3n digital (PDF): <a href=\"https:\/\/www.verislam.com\/99-preguntas-basicas-sobre-el-islam-de-abdelmumin-aya\/\" target=\"_blank\" rel=\"noopener\">Disponible<\/a>[\/vc_column_text][vc_column_text]Este libro es el resultado de cinco a\u00f1os de trabajo en la redacci\u00f3n de Webislam. Sin temor a exagerar podr\u00eda decir que han sido miles las preguntas que han llegado a nosotros durante este tiempo. Se trata de las preguntas que m\u00e1s inquietan a los no-musulmanes. Pero, tras tantas preguntas y respuestas, lo \u00fanico en realidad que debe quedarnos claro es que el Islam es s\u00f3lo una forma de vida.[\/vc_column_text][\/vc_column_inner][\/vc_row_inner][vc_row_inner][vc_column_inner width=&#8221;1\/3&#8243;][vc_single_image image=&#8221;304&#8243; img_size=&#8221;250&#215;380&#8243; alignment=&#8221;center&#8221;][vc_column_text]R\u00fastica. ISBN 978-84-935469-6-0: <a href=\"correo@juntaislamica.org\">Disponible<\/a><\/p>\n<p>Edici\u00f3n digital (PDF): <a href=\"https:\/\/www.verislam.com\/islam-y-derechos-humanos\/\" target=\"_blank\" rel=\"noopener\">Disponible<\/a>[\/vc_column_text][vc_column_text]Como aportaci\u00f3n clarificadora, este ensayo de Yaratullah Monturiol aborda una investigaci\u00f3n rigurosa y exhaustiva de la Sharia desde la perspectiva de los derechos humanos en el islam, a partir de las fuentes originales, del Cor\u00e1n y la Sunna, diferenciando con claridad y precisi\u00f3n conceptos que a menudo se confunden, como si fuesen sin\u00f3nimos, produciendo indeseables confusiones y tergiversaciones.[\/vc_column_text][\/vc_column_inner][vc_column_inner width=&#8221;1\/3&#8243;][vc_empty_space height=&#8221;66px&#8221;][vc_single_image image=&#8221;314&#8243; img_size=&#8221;250&#215;380&#8243; alignment=&#8221;center&#8221;][vc_empty_space height=&#8221;15px&#8221;][vc_column_text]R\u00fastica. ISBN 978-84-935469-1-5: <a href=\"correo@juntaislamica.org\">Disponible<\/a><\/p>\n<p>Edici\u00f3n digital (PDF): <a href=\"https:\/\/www.verislam.com\/epistolas-de-los-hermanos-de-la-pureza\/\" target=\"_blank\" rel=\"noopener\">Disponible<\/a>[\/vc_column_text][vc_column_text]Las <em>Ep\u00edstolas de los Hermanos de la Pureza<\/em>\u00a0se enmarca plenamente dentro de las antropolog\u00edas humanistas por cuanto representa una dignificaci\u00f3n del ser humano. Este es el principal factor que puede despertar el inter\u00e9s del hombre contempor\u00e1neo por estas Ep\u00edstolas y por su mensaje. Ibrahim Albert, uno de los eruditos m\u00e1s profundos de neo Al-Andalus, elabora este libro sobre uno de los momentos claves del saber isl\u00e1mico.[\/vc_column_text][\/vc_column_inner][vc_column_inner width=&#8221;1\/3&#8243;][vc_single_image image=&#8221;308&#8243; img_size=&#8221;250&#215;380&#8243; alignment=&#8221;center&#8221;][vc_column_text]R\u00fastica. ISBN 978-84-932513-2-1: <a href=\"correo@juntaislamica.org\">Disponible<\/a><\/p>\n<p>Edici\u00f3n digital (PDF): <a href=\"https:\/\/www.verislam.com\/normas-del-hach\/\" target=\"_blank\" rel=\"noopener\">Disponible<\/a>[\/vc_column_text][vc_column_text]<em>Las Normas del Hach<\/em> de Kamal Ali al-Muntasir describe las f\u00f3rmulas tradicionales de llevar a cabo la Peregrinaci\u00f3n Mayor a la ciudad santa de Mekka al-Mukarrama. Bas\u00e1ndose en el Cor\u00e1n y en la Sunnah, adem\u00e1s del <em>fiqh<\/em> (jurisprudencia isl\u00e1mica) se nos narra como debemos prepararnos y actuar en una de las experiencias m\u00e1s fascinante en la vida de un musulman: el <em>Hach<\/em>. Una ayuda indispensable, una gu\u00eda clara, para el peregrino y para el que busca serlo.[\/vc_column_text][\/vc_column_inner][\/vc_row_inner][vc_row_inner][vc_column_inner width=&#8221;1\/3&#8243;][vc_single_image image=&#8221;374&#8243; img_size=&#8221;250&#215;380&#8243; alignment=&#8221;center&#8221;][vc_column_text]R\u00fastica. ISBN 978-84-932513-2-1: <a href=\"correo@juntaislamica.org\">Disponible<\/a><\/p>\n<p>Edici\u00f3n digital (PDF): <a href=\"https:\/\/www.verislam.com\/jutbas-de-dar-as-salam-de-hashim-cabrera\/\">Disponible<\/a>[\/vc_column_text][vc_column_text]El presente volumen incluye cincuenta jutbas o sermones elaborados por Hashim Cabrera en el \u00e1mbito de una comunidad elemental que est\u00e1 descubriendo el isl\u00e2m e integran una serie de textos sobre estas estaciones espirituales de los mensajeros divinos, la paz sea con ellos. Todos ellos fueron pronunciados en la mezquita de Dar As Sal\u00e2m, en Almod\u00f3var del R\u00edo, antigua sede de Junta Isl\u00e1mica.[\/vc_column_text][\/vc_column_inner][vc_column_inner width=&#8221;1\/3&#8243;][vc_empty_space height=&#8221;200px&#8221;][\/vc_column_inner][vc_column_inner width=&#8221;1\/3&#8243;][vc_single_image image=&#8221;370&#8243; img_size=&#8221;250&#215;380&#8243; alignment=&#8221;center&#8221;][vc_column_text]R\u00fastica. ISBN 978-84-932513-8-3: <a href=\"correo@juntaislamica.org\">Disponible<\/a><\/p>\n<p>Edici\u00f3n digital (PDF): <a href=\"https:\/\/www.verislam.com\/terminos-clave-del-islam-de-yaratullah-monturiol\/\" target=\"_blank\" rel=\"noopener\">Disponible<\/a>[\/vc_column_text][vc_column_text]El objetivo de este glosario es proponer sugerentes interpretaciones, a partir de explicaciones etimol\u00f3gicas y espirituales, recopiladas desde diversas fuentes de pensamiento. Escuelas y maestros tradicionales y de hoy, que profundizan en las ciencias ling\u00fc\u00edsticas y abarcan la filosof\u00eda o la experiencia m\u00edstica, nos dan una llave para buscar el conocimiento. Este diccionario es una herramienta de trabajo, un libro de consulta para estudiar y reflexionar sobre las formas de expresi\u00f3n del mensaje universal del islam.<\/p>\n<figure id=\"attachment_787\" class=\"wp-caption alignleft\" aria-describedby=\"caption-attachment-787\"><\/figure>\n<p>[\/vc_column_text][\/vc_column_inner][\/vc_row_inner][vc_empty_space][vc_text_separator title=&#8221;COLECCI\u00d3N SHAHADA-VISION&#8221; color=&#8221;custom&#8221; border_width=&#8221;3&#8243; el_width=&#8221;80&#8243; accent_color=&#8221;#028926&#8243;][vc_column_text]<\/p>\n<p style=\"text-align: center;\">Colecci\u00f3n de libros sobre islam de gran belleza y formato<\/p>\n<p>[\/vc_column_text][vc_row_inner][vc_column_inner width=&#8221;1\/3&#8243;][vc_empty_space height=&#8221;90px&#8221;][vc_single_image image=&#8221;351&#8243; img_size=&#8221;250&#215;380&#8243; alignment=&#8221;center&#8221;][vc_column_text]R\u00fastica. ISBN 978-84-935469-2-2: <a href=\"correo@juntaislamica.org\">Disponible<\/a><\/p>\n<p>Edici\u00f3n digital (PDF): <a href=\"http:\/\/verislam.com\/alianza-de-civilizaciones-alianza-por-la-paz\">Disponible<\/a>[\/vc_column_text][vc_column_text]Contenidos y ponencias del\u00a0Seminario Internacional &#8220;Alianza de Civilizaciones, Alianza por la Paz&#8221; celebrado en C\u00f3rdoba el 18-19 de junio de 2007.\u00a0El prop\u00f3sito del seminario fue proponer ideas e iniciativas en favor de la paz y la tolerancia, en funci\u00f3n de preceptos que, sobre estos valores positivos, constituyen la base del Islam. Particip\u00f3 el Gobierno de Espa\u00f1a, a trav\u00e9s de la AECID y la Organizaci\u00f3n del Liderazgo Isl\u00e1mico.[\/vc_column_text][\/vc_column_inner][vc_column_inner width=&#8221;1\/3&#8243;][vc_empty_space height=&#8221;60px&#8221;][vc_single_image image=&#8221;352&#8243; img_size=&#8221;250&#215;250&#8243; alignment=&#8221;center&#8221;][vc_column_text]R\u00fastica. ISBN 978-84-935469-1-5 (Agotado)<\/p>\n<p>Edici\u00f3n digital (PDF)[\/vc_column_text][vc_column_text]Un libro \u00fanico, con textos de Antonio Manuel y fotograf\u00eda de Khaled Ibarra, que aborda con seriedad un asunto relevante en la historia de Espa\u00f1a como es la expulsi\u00f3n de los moriscos, trasladando una propuesta que pasa del destierro a la concordia. Desde Al-Andalus hasta la curva del N\u00edger nos ofrece una lectura fascinante por la herencia y las tradiciones moriscas en la memoria hist\u00f3rica[\/vc_column_text][\/vc_column_inner][vc_column_inner width=&#8221;1\/3&#8243;][vc_empty_space height=&#8221;15px&#8221;][vc_single_image image=&#8221;353&#8243; img_size=&#8221;220&#215;290&#8243; alignment=&#8221;center&#8221;][vc_column_text]R\u00fastica. ISBN 978-84-932513-7-6: <a href=\"correo@juntaislamica.org\">Disponible<\/a><\/p>\n<p>Edici\u00f3n digital (PDF): <a href=\"https:\/\/archive.org\/details\/memoria_junta_islamica\">Disponible<\/a>[\/vc_column_text][vc_column_text]Hashim Cabrera narra la historia de Junta Isl\u00e1mica en una memoria desde 1989 hasta 2014, cuando se cumplieron 25 a\u00f1os de la fundaci\u00f3n de Junta Isl\u00e1mica. Repasa los eventos m\u00e1s importante, el pensamiento, los proyectos, etc.<\/p>\n<p>Un libro \u00fanico que ofrece una perspectiva fascinante del retorno islam en Espa\u00f1a y del peso de nuestra organizaci\u00f3n en la comunidad isl\u00e1mica espa\u00f1ola.[\/vc_column_text][\/vc_column_inner][\/vc_row_inner][vc_row_inner][vc_column_inner width=&#8221;1\/3&#8243;][vc_single_image image=&#8221;356&#8243; img_size=&#8221;380&#215;380&#8243; alignment=&#8221;center&#8221;][vc_column_text]R\u00fastica. ISBN 9788493546939: <a href=\"correo@juntaislamica.org\">Disponible<\/a><\/p>\n<p>Edici\u00f3n digital (PDF): <a href=\"https:\/\/www.verislam.com\/biblioteca-de-verislam-hashim-1\/\">Disponible<\/a>[\/vc_column_text][vc_column_text]<\/p>\n<div>Uno de los libros claves del artista y pensador neo-andalus\u00ed Hashim Cabrera (Sevilla, 1954). Un ensayo que presentamos en su segunda edici\u00f3n (2004) editado por el CPDI de Junta Isl\u00e1mico. El texto nos invita, en un di\u00e1logo metahist\u00f3rico, a pensar en la forma, el color y las conexiones interculturales de la doctrina isl\u00e1mica con el arte contempor\u00e1neo.<\/div>\n<p>[\/vc_column_text][\/vc_column_inner][vc_column_inner width=&#8221;1\/3&#8243;][vc_empty_space height=&#8221;60px&#8221;][vc_single_image image=&#8221;365&#8243; img_size=&#8221;380&#215;380&#8243; alignment=&#8221;center&#8221;][vc_empty_space height=&#8221;30px&#8221;][vc_column_text]R\u00fastica. ISBN 978-84-935469-1-5: Agotado<\/p>\n<p>Edici\u00f3n digital (PDF): <a href=\"https:\/\/www.verislam.com\/biblioteca-de-verislam-hashim-cabrera-hashim-2\/\">Disponible<\/a>[\/vc_column_text][vc_column_text]Una de las mejores reflexiones contempor\u00e1neas sobre el color desde el an\u00e1lisis de <a href=\"https:\/\/www.verislam.com\/biblioteca-de-verislam-hashim-1\/\">Hashim Cabrera<\/a> (Sevilla, 1954). Un ensayo que presentamos en su segunda edici\u00f3n (2004) editado por el CPDI de Junta Isl\u00e1mico. El texto nos invita a una fascinante hermen\u00e9utica del color y la luz en el arte. Es una \u00a0una reflexi\u00f3n de m\u00e1s veinte a\u00f1os sobre el problema de la forma y del color desde la experiencia isl\u00e1mica.[\/vc_column_text][\/vc_column_inner][vc_column_inner width=&#8221;1\/3&#8243;][vc_single_image image=&#8221;354&#8243; img_size=&#8221;315&#215;285&#8243; alignment=&#8221;center&#8221;][vc_column_text]R\u00fastica. ISBN 978-84-932513-7-6: <a href=\"correo@juntaislamica.org\">Disponible<\/a><\/p>\n<p>Edici\u00f3n digital (PDF): <a href=\"https:\/\/archive.org\/details\/libro_sabora\">Disponible<\/a>[\/vc_column_text][vc_column_text]Hashim Cabrera narra la historia de Junta Isl\u00e1mica en una memoria desde 1989 hasta 2014, cuando se cumplieron 25 a\u00f1os de la fundaci\u00f3n de Junta Isl\u00e1mica. Repasa los eventos m\u00e1s importante, el pensamiento, los proyectos, etc.<\/p>\n<p>Un libro \u00fanico que ofrece una perspectiva fascinante del retorno islam en Espa\u00f1a y del peso de nuestra organizaci\u00f3n en la comunidad isl\u00e1mica espa\u00f1ola.[\/vc_column_text][\/vc_column_inner][\/vc_row_inner][vc_empty_space][\/vc_column][\/vc_row]<\/p>\n","protected":false},"excerpt":{"rendered":"<p>[vc_row][vc_column][vc_row_inner][vc_column_inner][vc_column_text] Tras 30 a\u00f1os de trabajo hemos publicado m\u00e1s de 25 publicaciones, en papel y en digital, a trav\u00e9s del&#8230;<\/p>\n","protected":false},"author":2,"featured_media":0,"parent":0,"menu_order":0,"comment_status":"closed","ping_status":"closed","template":"","meta":{"footnotes":""},"class_list":["post-20","page","type-page","status-publish","hentry"],"_links":{"self":[{"href":"https:\/\/www.juntaislamica.org\/index.php?rest_route=\/wp\/v2\/pages\/20","targetHints":{"allow":["GET"]}}],"collection":[{"href":"https:\/\/www.juntaislamica.org\/index.php?rest_route=\/wp\/v2\/pages"}],"about":[{"href":"https:\/\/www.juntaislamica.org\/index.php?rest_route=\/wp\/v2\/types\/page"}],"author":[{"embeddable":true,"href":"https:\/\/www.juntaislamica.org\/index.php?rest_route=\/wp\/v2\/users\/2"}],"replies":[{"embeddable":true,"href":"https:\/\/www.juntaislamica.org\/index.php?rest_route=%2Fwp%2Fv2%2Fcomments&post=20"}],"version-history":[{"count":52,"href":"https:\/\/www.juntaislamica.org\/index.php?rest_route=\/wp\/v2\/pages\/20\/revisions"}],"predecessor-version":[{"id":480,"href":"https:\/\/www.juntaislamica.org\/index.php?rest_route=\/wp\/v2\/pages\/20\/revisions\/480"}],"wp:attachment":[{"href":"https:\/\/www.juntaislamica.org\/index.php?rest_route=%2Fwp%2Fv2%2Fmedia&parent=20"}],"curies":[{"name":"wp","href":"https:\/\/api.w.org\/{rel}","templated":true}]}}