{"id":2,"date":"2016-05-10T03:48:21","date_gmt":"2016-05-10T03:48:21","guid":{"rendered":"http:\/\/www.juntaislamica.org\/?page_id=2"},"modified":"2021-09-02T13:26:23","modified_gmt":"2021-09-02T13:26:23","slug":"que-hacemos","status":"publish","type":"page","link":"https:\/\/www.juntaislamica.org\/?page_id=2","title":{"rendered":"\u00bfQu\u00e9 hacemos?"},"content":{"rendered":"<p>[vc_row][vc_column][vc_column_text]<\/p>\n<h3>Las l\u00ed\u00adneas de trabajo seguidas por Junta Isl\u00e1mica se han caracterizado por impulsar el desarrollo de la libertad de conciencia y propiciar espacios comunes de encuentro e intercambio sobre temas de inter\u00e9s social, econ\u00f3mico, cultural y religioso.<\/h3>\n<p>[\/vc_column_text][vc_separator color=&#8221;custom&#8221; border_width=&#8221;3&#8243; el_width=&#8221;60&#8243; accent_color=&#8221;#028926&#8243;][vc_row_inner][vc_column_inner width=&#8221;1\/2&#8243;][vc_empty_space][vc_column_text]Desde hace m\u00e1s de 30 a\u00f1os Junta Isl\u00e1mica trabaja en el desarrollo de diversos proyectos sobre el\u00a0islam, fomentando valores democr\u00e1ticos y de convivencia entre diferentes colectivos en un espacio aconfesional, desde el respeto, la educaci\u00f3n y el conocimiento mutuo.[\/vc_column_text][vc_column_text]<\/p>\n<div>\n<p>Nuestra organizaci\u00f3n est\u00e1 abierta a todas las personas, entidades e instituciones de la sociedad que les pueda interesar nuestro trabajo y nuestros planteamientos. Trabajamos desde la plena libertad de conciencia, la espiritualidad consciente y sincera y los valores del Cor\u00e1n y la Sunna.<\/p><\/div>\n<p>[\/vc_column_text][vc_column_text]Junta Isl\u00e1mica coopera de forma activa por los derechos de la ciudadan\u00eda musulmana con el Gobierno de Espa\u00f1a, la Junta de Andaluc\u00eda, el Ayuntamiento de C\u00f3rdoba, la Universidad de C\u00f3rdoba (UCO) y la Universidad Internacional de Andaluc\u00eda (UNIA), Universidad de Extramadura (UEX), Universidad de Zaragoza, la fundaci\u00f3n Tres Culturas del Mediterr\u00e1neo, y Casa \u00c1rabe con la cual desarrolla el programa de Noches de Ramad\u00e1n.[\/vc_column_text][vc_column_text]Tenemos diferentes <a href=\"https:\/\/www.juntaislamica.org\/?page_id=33\">actividades<\/a> como asistencia religiosa, desarrollos de ciudadan\u00eda musulmana y actividades culturales y de divulgaci\u00f3n del islam. Tambi\u00e9n tenemos <a href=\"https:\/\/www.juntaislamica.org\/?page_id=29\">proyectos<\/a>\u00a0como son Instituto Halal, la Fundaci\u00f3n las Fuentes, Verislam.com o la Federaci\u00f3n FECIM.[\/vc_column_text][vc_separator color=&#8221;custom&#8221; border_width=&#8221;3&#8243; el_width=&#8221;60&#8243; accent_color=&#8221;#028926&#8243;][vc_cta h2=&#8221;\u00bfQuieres colaborar con Junta Isl\u00e1mica?&#8221; h4=&#8221;Cont\u00e1ctanos y te diremos como puedes&#8221; add_button=&#8221;bottom&#8221; btn_title=&#8221;\u00a1Cont\u00e1ctanos!&#8221; btn_link=&#8221;url:https%3A%2F%2Fwww.juntaislamica.org%2F%3Fpage_id%3D23|title:Contacto&#8221;][\/vc_cta][\/vc_column_inner][vc_column_inner width=&#8221;1\/2&#8243;][vc_column_text]<\/p>\n<h4 style=\"text-align: center;\">Apostamos por un islam espa\u00f1ol, diverso y contempor\u00e1neo<\/h4>\n<p>[\/vc_column_text][vc_separator color=&#8221;custom&#8221; border_width=&#8221;3&#8243; el_width=&#8221;60&#8243; accent_color=&#8221;#028926&#8243;][vc_single_image image=&#8221;278&#8243; img_size=&#8221;large&#8221; alignment=&#8221;right&#8221;][vc_empty_space][\/vc_column_inner][\/vc_row_inner][\/vc_column][\/vc_row]<\/p>\n","protected":false},"excerpt":{"rendered":"<p>[vc_row][vc_column][vc_column_text] Las l\u00ed\u00adneas de trabajo seguidas por Junta Isl\u00e1mica se han caracterizado por impulsar el desarrollo de la libertad de&#8230;<\/p>\n","protected":false},"author":2,"featured_media":0,"parent":0,"menu_order":0,"comment_status":"closed","ping_status":"closed","template":"","meta":{"footnotes":""},"class_list":["post-2","page","type-page","status-publish","hentry"],"_links":{"self":[{"href":"https:\/\/www.juntaislamica.org\/index.php?rest_route=\/wp\/v2\/pages\/2","targetHints":{"allow":["GET"]}}],"collection":[{"href":"https:\/\/www.juntaislamica.org\/index.php?rest_route=\/wp\/v2\/pages"}],"about":[{"href":"https:\/\/www.juntaislamica.org\/index.php?rest_route=\/wp\/v2\/types\/page"}],"author":[{"embeddable":true,"href":"https:\/\/www.juntaislamica.org\/index.php?rest_route=\/wp\/v2\/users\/2"}],"replies":[{"embeddable":true,"href":"https:\/\/www.juntaislamica.org\/index.php?rest_route=%2Fwp%2Fv2%2Fcomments&post=2"}],"version-history":[{"count":16,"href":"https:\/\/www.juntaislamica.org\/index.php?rest_route=\/wp\/v2\/pages\/2\/revisions"}],"predecessor-version":[{"id":296,"href":"https:\/\/www.juntaislamica.org\/index.php?rest_route=\/wp\/v2\/pages\/2\/revisions\/296"}],"wp:attachment":[{"href":"https:\/\/www.juntaislamica.org\/index.php?rest_route=%2Fwp%2Fv2%2Fmedia&parent=2"}],"curies":[{"name":"wp","href":"https:\/\/api.w.org\/{rel}","templated":true}]}}